{"id":495,"date":"2026-05-06T20:35:58","date_gmt":"2026-05-06T18:35:58","guid":{"rendered":"https:\/\/staging.thema21.hu\/editorial-board\/"},"modified":"2026-08-19T19:21:09","modified_gmt":"2026-08-19T17:21:09","slug":"imprint","status":"publish","type":"page","link":"https:\/\/thema21.hu\/en\/imprint\/","title":{"rendered":"Imprint"},"content":{"rendered":"  <div class=\"thema21-imprint-full\">\n    <header class=\"thema21-imprint-full__identity\">\n      <h2 class=\"thema21-publication-title-mark thema21-imprint-full__title\">Th\u00e9ma21<\/h2>\n      <p class=\"thema21-imprint-full__subtitle\">Theol\u00f3giai \u00c9let Ma a 21. Sz\u00e1zadban<\/p>\n    <\/header>\n\n      <section class=\"thema21-publication-imprint\">\n    \n    \n    <dl class=\"thema21-publication-imprint__facts\">\n      <div>\n        <dt>Publisher<\/dt>\n        <dd>Theol\u00f3giai \u00c9let Ma a 21. Sz\u00e1zadban Alap\u00edtv\u00e1ny<\/dd>\n      <\/div>\n      <div>\n        <dt>Registered office<\/dt>\n        <dd>1098 Budapest, B\u00f6rzs\u00f6ny utca 1. 3. 3.\/11.<\/dd>\n      <\/div>\n      <div>\n        <dt>Responsible publisher<\/dt>\n        <dd>Varg\u00e1n\u00e9 dr. Balogh Judit<\/dd>\n      <\/div>\n      <div>\n        <dt>Responsible editor<\/dt>\n        <dd>Masri Mona Aicha<\/dd>\n      <\/div>\n          <\/dl>\n  <\/section>\n  \n          <div class=\"thema21-editorial-board thema21-imprint-full__editorial\">\n        <section class=\"thema21-editorial-group\"><div class=\"block-head block-head-ac block-head-c block-head-c2 is-left\" data-thema21-heading-version=\"1.4.33\" data-thema21-heading-context=\"editorial\"><h4 class=\"heading\" style=\"font-family: &quot;Playfair Display&quot;, system-ui, -apple-system, &quot;Segoe UI&quot;, Arial, sans-serif !important; margin-top: 0 !important; margin-bottom: 0 !important;\">Editor-in-Chief<\/h4><\/div><div class=\"thema21-editorial-grid\"><article class=\"thema21-editorial-member\"><a href=\"https:\/\/thema21.hu\/en\/authors\/masri-mona-aicha\/\" class=\"thema21-editorial-photo-link\"><img fetchpriority=\"high\" decoding=\"async\" width=\"300\" height=\"180\" src=\"https:\/\/thema21.hu\/wp-content\/uploads\/2026\/05\/f4532dcf-d13e-4eb9-8526-01cda791e4dd-300x180.png\" class=\"thema21-editorial-photo\" alt=\"\" srcset=\"https:\/\/thema21.hu\/wp-content\/uploads\/2026\/05\/f4532dcf-d13e-4eb9-8526-01cda791e4dd-300x180.png 300w, https:\/\/thema21.hu\/wp-content\/uploads\/2026\/05\/f4532dcf-d13e-4eb9-8526-01cda791e4dd-1024x614.png 1024w, https:\/\/thema21.hu\/wp-content\/uploads\/2026\/05\/f4532dcf-d13e-4eb9-8526-01cda791e4dd-768x460.png 768w, https:\/\/thema21.hu\/wp-content\/uploads\/2026\/05\/f4532dcf-d13e-4eb9-8526-01cda791e4dd-1536x921.png 1536w, https:\/\/thema21.hu\/wp-content\/uploads\/2026\/05\/f4532dcf-d13e-4eb9-8526-01cda791e4dd-150x90.png 150w, https:\/\/thema21.hu\/wp-content\/uploads\/2026\/05\/f4532dcf-d13e-4eb9-8526-01cda791e4dd-450x270.png 450w, https:\/\/thema21.hu\/wp-content\/uploads\/2026\/05\/f4532dcf-d13e-4eb9-8526-01cda791e4dd-1200x719.png 1200w, https:\/\/thema21.hu\/wp-content\/uploads\/2026\/05\/f4532dcf-d13e-4eb9-8526-01cda791e4dd.png 1620w\" sizes=\"(max-width: 300px) 100vw, 300px\" \/><\/a><h3 class=\"thema21-editorial-name\"><a href=\"https:\/\/thema21.hu\/en\/authors\/masri-mona-aicha\/\">Masri Mona Aicha<\/a><\/h3><div class=\"thema21-editorial-role\" title=\"reformed minister \u00b7 theologian \u00b7 writer\">reformed minister \u00b7 theologian \u00b7 writer<\/div><\/article><\/div><\/section><section class=\"thema21-editorial-group\"><div class=\"block-head block-head-ac block-head-c block-head-c2 is-left\" data-thema21-heading-version=\"1.4.33\" data-thema21-heading-context=\"editorial\"><h4 class=\"heading\" style=\"font-family: &quot;Playfair Display&quot;, system-ui, -apple-system, &quot;Segoe UI&quot;, Arial, sans-serif !important; margin-top: 0 !important; margin-bottom: 0 !important;\">Editors<\/h4><\/div><div class=\"thema21-editorial-grid\"><article class=\"thema21-editorial-member\"><a href=\"https:\/\/thema21.hu\/en\/authors\/prof-dr-habil-balogh-judit\/\" class=\"thema21-editorial-photo-link\"><img decoding=\"async\" width=\"297\" height=\"300\" src=\"https:\/\/thema21.hu\/wp-content\/uploads\/2026\/05\/balogh_judit-297x300.jpg\" class=\"thema21-editorial-photo\" alt=\"\" srcset=\"https:\/\/thema21.hu\/wp-content\/uploads\/2026\/05\/balogh_judit-297x300.jpg 297w, https:\/\/thema21.hu\/wp-content\/uploads\/2026\/05\/balogh_judit-1013x1024.jpg 1013w, https:\/\/thema21.hu\/wp-content\/uploads\/2026\/05\/balogh_judit-768x776.jpg 768w, https:\/\/thema21.hu\/wp-content\/uploads\/2026\/05\/balogh_judit-1519x1536.jpg 1519w, https:\/\/thema21.hu\/wp-content\/uploads\/2026\/05\/balogh_judit-150x152.jpg 150w, https:\/\/thema21.hu\/wp-content\/uploads\/2026\/05\/balogh_judit-450x455.jpg 450w, https:\/\/thema21.hu\/wp-content\/uploads\/2026\/05\/balogh_judit-1200x1213.jpg 1200w, https:\/\/thema21.hu\/wp-content\/uploads\/2026\/05\/balogh_judit.jpg 1993w\" sizes=\"(max-width: 297px) 100vw, 297px\" \/><\/a><h3 class=\"thema21-editorial-name\"><a href=\"https:\/\/thema21.hu\/en\/authors\/prof-dr-habil-balogh-judit\/\">Prof. Dr. habil. Balogh Judit<\/a><\/h3><div class=\"thema21-editorial-role\" title=\"professor \u00b7 historian\">professor \u00b7 historian<\/div><\/article><article class=\"thema21-editorial-member\"><a href=\"https:\/\/thema21.hu\/en\/authors\/dr-habil-kodacsy-tamas\/\" class=\"thema21-editorial-photo-link\"><img decoding=\"async\" width=\"300\" height=\"300\" src=\"https:\/\/thema21.hu\/wp-content\/uploads\/2026\/05\/kodacsy_tamas-300x300.jpg\" class=\"thema21-editorial-photo\" alt=\"\" srcset=\"https:\/\/thema21.hu\/wp-content\/uploads\/2026\/05\/kodacsy_tamas-300x300.jpg 300w, https:\/\/thema21.hu\/wp-content\/uploads\/2026\/05\/kodacsy_tamas-150x150.jpg 150w, https:\/\/thema21.hu\/wp-content\/uploads\/2026\/05\/kodacsy_tamas-768x768.jpg 768w, https:\/\/thema21.hu\/wp-content\/uploads\/2026\/05\/kodacsy_tamas-450x450.jpg 450w, https:\/\/thema21.hu\/wp-content\/uploads\/2026\/05\/kodacsy_tamas.jpg 997w\" sizes=\"(max-width: 300px) 100vw, 300px\" \/><\/a><h3 class=\"thema21-editorial-name\"><a href=\"https:\/\/thema21.hu\/en\/authors\/dr-habil-kodacsy-tamas\/\">Dr. habil. Kod\u00e1csy Tam\u00e1s<\/a><\/h3><div class=\"thema21-editorial-role\" title=\"reformed minister \u00b7 mathematician-programmer\">reformed minister \u00b7 mathematician-programmer<\/div><\/article><article class=\"thema21-editorial-member\"><a href=\"https:\/\/thema21.hu\/en\/authors\/dr-nagy-karoly-zsolt\/\" class=\"thema21-editorial-photo-link\"><img loading=\"lazy\" decoding=\"async\" width=\"300\" height=\"300\" src=\"https:\/\/thema21.hu\/wp-content\/uploads\/2026\/05\/nagy_karoly_zsolt-300x300.jpg\" class=\"thema21-editorial-photo\" alt=\"\" srcset=\"https:\/\/thema21.hu\/wp-content\/uploads\/2026\/05\/nagy_karoly_zsolt-300x300.jpg 300w, https:\/\/thema21.hu\/wp-content\/uploads\/2026\/05\/nagy_karoly_zsolt-1024x1024.jpg 1024w, https:\/\/thema21.hu\/wp-content\/uploads\/2026\/05\/nagy_karoly_zsolt-150x150.jpg 150w, https:\/\/thema21.hu\/wp-content\/uploads\/2026\/05\/nagy_karoly_zsolt-768x768.jpg 768w, https:\/\/thema21.hu\/wp-content\/uploads\/2026\/05\/nagy_karoly_zsolt-450x450.jpg 450w, https:\/\/thema21.hu\/wp-content\/uploads\/2026\/05\/nagy_karoly_zsolt.jpg 1152w\" sizes=\"(max-width: 300px) 100vw, 300px\" \/><\/a><h3 class=\"thema21-editorial-name\"><a href=\"https:\/\/thema21.hu\/en\/authors\/dr-nagy-karoly-zsolt\/\">Dr. Nagy K\u00e1roly Zsolt<\/a><\/h3><div class=\"thema21-editorial-role\" title=\"college professor\">college professor<\/div><\/article><article class=\"thema21-editorial-member\"><a href=\"https:\/\/thema21.hu\/en\/authors\/dr-toth-sara\/\" class=\"thema21-editorial-photo-link\"><img loading=\"lazy\" decoding=\"async\" width=\"240\" height=\"300\" src=\"https:\/\/thema21.hu\/wp-content\/uploads\/2026\/05\/Sara-portre-1-240x300.jpg\" class=\"thema21-editorial-photo\" alt=\"\" srcset=\"https:\/\/thema21.hu\/wp-content\/uploads\/2026\/05\/Sara-portre-1-240x300.jpg 240w, https:\/\/thema21.hu\/wp-content\/uploads\/2026\/05\/Sara-portre-1-819x1024.jpg 819w, https:\/\/thema21.hu\/wp-content\/uploads\/2026\/05\/Sara-portre-1-768x960.jpg 768w, https:\/\/thema21.hu\/wp-content\/uploads\/2026\/05\/Sara-portre-1-1229x1536.jpg 1229w, https:\/\/thema21.hu\/wp-content\/uploads\/2026\/05\/Sara-portre-1-1638x2048.jpg 1638w, https:\/\/thema21.hu\/wp-content\/uploads\/2026\/05\/Sara-portre-1-150x188.jpg 150w, https:\/\/thema21.hu\/wp-content\/uploads\/2026\/05\/Sara-portre-1-450x563.jpg 450w, https:\/\/thema21.hu\/wp-content\/uploads\/2026\/05\/Sara-portre-1-1200x1500.jpg 1200w, https:\/\/thema21.hu\/wp-content\/uploads\/2026\/05\/Sara-portre-1.jpg 2000w\" sizes=\"(max-width: 240px) 100vw, 240px\" \/><\/a><h3 class=\"thema21-editorial-name\"><a href=\"https:\/\/thema21.hu\/en\/authors\/dr-toth-sara\/\">Dr. T\u00f3th S\u00e1ra<\/a><\/h3><div class=\"thema21-editorial-role\" title=\"associate professor\">associate professor<\/div><\/article><\/div><\/section><section class=\"thema21-editorial-group\"><div class=\"block-head block-head-ac block-head-c block-head-c2 is-left\" data-thema21-heading-version=\"1.4.33\" data-thema21-heading-context=\"editorial\"><h4 class=\"heading\" style=\"font-family: &quot;Playfair Display&quot;, system-ui, -apple-system, &quot;Segoe UI&quot;, Arial, sans-serif !important; margin-top: 0 !important; margin-bottom: 0 !important;\">English Language Editors<\/h4><\/div><div class=\"thema21-editorial-grid\"><article class=\"thema21-editorial-member\"><a href=\"https:\/\/thema21.hu\/en\/authors\/toth-renata\/\" class=\"thema21-editorial-photo-link\"><img loading=\"lazy\" decoding=\"async\" width=\"225\" height=\"300\" src=\"https:\/\/thema21.hu\/wp-content\/uploads\/2026\/05\/unnamed-225x300.jpg\" class=\"thema21-editorial-photo\" alt=\"\" srcset=\"https:\/\/thema21.hu\/wp-content\/uploads\/2026\/05\/unnamed-225x300.jpg 225w, https:\/\/thema21.hu\/wp-content\/uploads\/2026\/05\/unnamed-768x1024.jpg 768w, https:\/\/thema21.hu\/wp-content\/uploads\/2026\/05\/unnamed-1152x1536.jpg 1152w, https:\/\/thema21.hu\/wp-content\/uploads\/2026\/05\/unnamed-1536x2048.jpg 1536w, https:\/\/thema21.hu\/wp-content\/uploads\/2026\/05\/unnamed-150x200.jpg 150w, https:\/\/thema21.hu\/wp-content\/uploads\/2026\/05\/unnamed-450x600.jpg 450w, https:\/\/thema21.hu\/wp-content\/uploads\/2026\/05\/unnamed-1200x1600.jpg 1200w, https:\/\/thema21.hu\/wp-content\/uploads\/2026\/05\/unnamed-scaled.jpg 1920w\" sizes=\"(max-width: 225px) 100vw, 225px\" \/><\/a><h3 class=\"thema21-editorial-name\"><a href=\"https:\/\/thema21.hu\/en\/authors\/toth-renata\/\">T\u00f3th Ren\u00e1ta<\/a><\/h3><div class=\"thema21-editorial-role\" title=\"university student\">university student<\/div><\/article><article class=\"thema21-editorial-member\"><a href=\"https:\/\/thema21.hu\/en\/authors\/dr-toth-sara\/\" class=\"thema21-editorial-photo-link\"><img loading=\"lazy\" decoding=\"async\" width=\"240\" height=\"300\" src=\"https:\/\/thema21.hu\/wp-content\/uploads\/2026\/05\/Sara-portre-1-240x300.jpg\" class=\"thema21-editorial-photo\" alt=\"\" srcset=\"https:\/\/thema21.hu\/wp-content\/uploads\/2026\/05\/Sara-portre-1-240x300.jpg 240w, https:\/\/thema21.hu\/wp-content\/uploads\/2026\/05\/Sara-portre-1-819x1024.jpg 819w, https:\/\/thema21.hu\/wp-content\/uploads\/2026\/05\/Sara-portre-1-768x960.jpg 768w, https:\/\/thema21.hu\/wp-content\/uploads\/2026\/05\/Sara-portre-1-1229x1536.jpg 1229w, https:\/\/thema21.hu\/wp-content\/uploads\/2026\/05\/Sara-portre-1-1638x2048.jpg 1638w, https:\/\/thema21.hu\/wp-content\/uploads\/2026\/05\/Sara-portre-1-150x188.jpg 150w, https:\/\/thema21.hu\/wp-content\/uploads\/2026\/05\/Sara-portre-1-450x563.jpg 450w, https:\/\/thema21.hu\/wp-content\/uploads\/2026\/05\/Sara-portre-1-1200x1500.jpg 1200w, https:\/\/thema21.hu\/wp-content\/uploads\/2026\/05\/Sara-portre-1.jpg 2000w\" sizes=\"(max-width: 240px) 100vw, 240px\" \/><\/a><h3 class=\"thema21-editorial-name\"><a href=\"https:\/\/thema21.hu\/en\/authors\/dr-toth-sara\/\">Dr. T\u00f3th S\u00e1ra<\/a><\/h3><div class=\"thema21-editorial-role\" title=\"associate professor\">associate professor<\/div><\/article><\/div><\/section><section class=\"thema21-editorial-group thema21-editorial-contact\"><div class=\"block-head block-head-ac block-head-c block-head-c2 is-left\" data-thema21-heading-version=\"1.4.33\" data-thema21-heading-context=\"editorial\"><h4 class=\"heading\" style=\"font-family: &quot;Playfair Display&quot;, system-ui, -apple-system, &quot;Segoe UI&quot;, Arial, sans-serif !important; margin-top: 0 !important; margin-bottom: 0 !important;\">Contact<\/h4><\/div><p class=\"thema21-editorial-contact-line\"><a href=\"mailto:szerkesztoseg@thema21.hu\" class=\"thema21-editorial-contact-email\">szerkesztoseg@thema21.hu<\/a><\/p><\/section>      <\/div>\n      <\/div>\n  \n\n\n\n<p class=\"wp-block-paragraph\"><\/p>\n","protected":false},"excerpt":{"rendered":"","protected":false},"author":1,"featured_media":0,"parent":0,"menu_order":0,"comment_status":"closed","ping_status":"closed","template":"","meta":{"_acf_changed":false,"footnotes":""},"class_list":["post-495","page","type-page","status-publish"],"acf":[],"_links":{"self":[{"href":"https:\/\/thema21.hu\/en\/wp-json\/wp\/v2\/pages\/495","targetHints":{"allow":["GET"]}}],"collection":[{"href":"https:\/\/thema21.hu\/en\/wp-json\/wp\/v2\/pages"}],"about":[{"href":"https:\/\/thema21.hu\/en\/wp-json\/wp\/v2\/types\/page"}],"author":[{"embeddable":true,"href":"https:\/\/thema21.hu\/en\/wp-json\/wp\/v2\/users\/1"}],"replies":[{"embeddable":true,"href":"https:\/\/thema21.hu\/en\/wp-json\/wp\/v2\/comments?post=495"}],"version-history":[{"count":2,"href":"https:\/\/thema21.hu\/en\/wp-json\/wp\/v2\/pages\/495\/revisions"}],"predecessor-version":[{"id":1104,"href":"https:\/\/thema21.hu\/en\/wp-json\/wp\/v2\/pages\/495\/revisions\/1104"}],"wp:attachment":[{"href":"https:\/\/thema21.hu\/en\/wp-json\/wp\/v2\/media?parent=495"}],"curies":[{"name":"wp","href":"https:\/\/api.w.org\/{rel}","templated":true}]}}