{"id":548,"date":"2026-05-02T12:04:01","date_gmt":"2026-05-02T10:04:01","guid":{"rendered":"https:\/\/staging.thema21.hu\/elementor-14\/"},"modified":"2026-05-27T16:51:58","modified_gmt":"2026-05-27T14:51:58","slug":"elementor-14","status":"publish","type":"page","link":"https:\/\/thema21.hu\/en\/","title":{"rendered":"Home"},"content":{"rendered":"\t\t<div data-elementor-type=\"wp-post\" data-elementor-id=\"548\" class=\"elementor elementor-548 elementor-14\">\n\t\t\t\t\t\t<section class=\"has-el-gap el-gap-default elementor-section elementor-top-section elementor-element elementor-element-52399af6 elementor-section-boxed elementor-section-height-default elementor-section-height-default\" data-id=\"52399af6\" data-element_type=\"section\" data-e-type=\"section\">\n\t\t\t\t\t\t<div class=\"elementor-container elementor-column-gap-no\">\n\t\t\t\t\t<div class=\"elementor-column elementor-col-100 elementor-top-column elementor-element elementor-element-3c230d04\" data-id=\"3c230d04\" data-element_type=\"column\" data-e-type=\"column\">\n\t\t\t<div class=\"elementor-widget-wrap elementor-element-populated\">\n\t\t\t\t\t\t<div class=\"elementor-element elementor-element-fa7f399 elementor-widget elementor-widget-spacer\" data-id=\"fa7f399\" data-element_type=\"widget\" data-e-type=\"widget\" data-widget_type=\"spacer.default\">\n\t\t\t\t\t\t\t<div class=\"elementor-spacer\">\n\t\t\t<div class=\"elementor-spacer-inner\"><\/div>\n\t\t<\/div>\n\t\t\t\t\t\t<\/div>\n\t\t\t\t<div class=\"elementor-element elementor-element-29891aca thema21-home-cards elementor-widget elementor-widget-smartmag-grid\" data-id=\"29891aca\" data-element_type=\"widget\" data-e-type=\"widget\" data-widget_type=\"smartmag-grid.default\">\n\t\t\t\t<div class=\"elementor-widget-container\">\n\t\t\t\t\t\t\t<section class=\"block-wrap block-grid block-sc mb-none\" data-id=\"1\">\n\n\t\t\t\t\n\t\t\t<div class=\"block-content\">\n\t\t\t\t\t\n\t<div class=\"loop loop-grid loop-grid-card grid grid-2 md:grid-2 xs:grid-1\">\n\n\t\t\t\t\t\n<article class=\"l-post grid-post grid-card-post\">\n\n\t\n\t\t\t<div class=\"media\">\n\n\t\t\n\t\t\t<a href=\"https:\/\/thema21.hu\/en\/a-wall-is-not-a-building\/\" class=\"image-link media-ratio ratio-16-9\" title=\"A wall is not a building\"><img fetchpriority=\"high\" decoding=\"async\" width=\"594\" height=\"334\" src=\"https:\/\/thema21.hu\/wp-content\/uploads\/2026\/06\/thema21_fejlec_banksy_galeria-768x432.jpg\" class=\"attachment-bunyad-768 size-bunyad-768 wp-post-image\" alt=\"\" sizes=\"(max-width: 594px) 100vw, 594px\" title=\"A wall is not a building\" srcset=\"https:\/\/thema21.hu\/wp-content\/uploads\/2026\/06\/thema21_fejlec_banksy_galeria-768x432.jpg 768w, https:\/\/thema21.hu\/wp-content\/uploads\/2026\/06\/thema21_fejlec_banksy_galeria-300x169.jpg 300w, https:\/\/thema21.hu\/wp-content\/uploads\/2026\/06\/thema21_fejlec_banksy_galeria-1024x576.jpg 1024w, https:\/\/thema21.hu\/wp-content\/uploads\/2026\/06\/thema21_fejlec_banksy_galeria-1536x864.jpg 1536w, https:\/\/thema21.hu\/wp-content\/uploads\/2026\/06\/thema21_fejlec_banksy_galeria-150x84.jpg 150w, https:\/\/thema21.hu\/wp-content\/uploads\/2026\/06\/thema21_fejlec_banksy_galeria-450x253.jpg 450w, https:\/\/thema21.hu\/wp-content\/uploads\/2026\/06\/thema21_fejlec_banksy_galeria-1200x675.jpg 1200w, https:\/\/thema21.hu\/wp-content\/uploads\/2026\/06\/thema21_fejlec_banksy_galeria.jpg 1672w\" \/><\/a>\t\t\t\n\t\t\t\n\t\t\t\n\t\t\t\n\t\t\n\t\t<\/div>\n\t\n\n\t\n\t\t<div class=\"content\">\n\n\t\t\t<div class=\"post-meta post-meta-a has-below\"><h2 class=\"is-title post-title\"><a href=\"https:\/\/thema21.hu\/en\/a-wall-is-not-a-building\/\">A wall is not a building<\/a><\/h2><div class=\"post-meta-items meta-below\"><span class=\"meta-item date\"><span class=\"date-link\"><time class=\"post-date\" datetime=\"2026-06-29T10:47:08+02:00\">2026.06.29.<\/time><\/span><\/span><span class=\"thema21-sidebar-publication-category-row\"><span class=\"meta-item cat-labels thema21-sidebar-publication-category-meta\"><a href=\"https:\/\/thema21.hu\/en\/categories\/publication\/essay\/\" class=\"category\">Essay<\/a><a href=\"https:\/\/thema21.hu\/en\/categories\/featured\/\" class=\"category\">Featured<\/a><\/span><\/span><\/div><\/div>\t\t\t\n\t\t\t\t\t\t\n\t\t\t\t<div class=\"excerpt\">\n\t\t\t\t\t<p>We are naturally inclined to divide humanity into two categories: \u201cus\u201d and \u201cthem,\u201d and \u201cthey\u201d\u2014the other group\u2014are perceived as a threat to \u201cus.\u201d For this reason, people build not only physical walls but also invisible barriers by which they seek to protect their identity. Referring to the conflict between Jewish&#8230;<\/p>\n\t\t\t\t<\/div>\n\t\t\t\n\t\t\t\n\t\t\t\n\t\t<\/div>\n\n\t\n<\/article>\t\t\t\t\t\n<article class=\"l-post grid-post grid-card-post\">\n\n\t\n\t\t\t<div class=\"media\">\n\n\t\t\n\t\t\t<a href=\"https:\/\/thema21.hu\/en\/the-theological-possibility-of-legitimate-distrust-anthropological-and-ethical-reflections-on-the-churchs-credibility-crisis\/\" class=\"image-link media-ratio ratio-16-9\" title=\"The Theological Possibility of Legitimate Distrust: Anthropological and Ethical Reflections on the Church&#8217;s Credibility Crisis\"><img decoding=\"async\" width=\"594\" height=\"334\" src=\"https:\/\/thema21.hu\/wp-content\/uploads\/2026\/06\/hitetlen_tamas_caravaggio_thema21-768x543.jpg\" class=\"attachment-bunyad-768 size-bunyad-768 wp-post-image\" alt=\"\" sizes=\"(max-width: 594px) 100vw, 594px\" title=\"The Theological Possibility of Legitimate Distrust: Anthropological and Ethical Reflections on the Church&#8217;s Credibility Crisis\" srcset=\"https:\/\/thema21.hu\/wp-content\/uploads\/2026\/06\/hitetlen_tamas_caravaggio_thema21-768x543.jpg 768w, https:\/\/thema21.hu\/wp-content\/uploads\/2026\/06\/hitetlen_tamas_caravaggio_thema21-1024x725.jpg 1024w, https:\/\/thema21.hu\/wp-content\/uploads\/2026\/06\/hitetlen_tamas_caravaggio_thema21-1200x849.jpg 1200w, https:\/\/thema21.hu\/wp-content\/uploads\/2026\/06\/hitetlen_tamas_caravaggio_thema21.jpg 1491w\" \/><\/a>\t\t\t\n\t\t\t\n\t\t\t\n\t\t\t\n\t\t\n\t\t<\/div>\n\t\n\n\t\n\t\t<div class=\"content\">\n\n\t\t\t<div class=\"post-meta post-meta-a has-below\"><h2 class=\"is-title post-title\"><a href=\"https:\/\/thema21.hu\/en\/the-theological-possibility-of-legitimate-distrust-anthropological-and-ethical-reflections-on-the-churchs-credibility-crisis\/\">The Theological Possibility of Legitimate Distrust: Anthropological and Ethical Reflections on the Church&#8217;s Credibility Crisis<\/a><\/h2><div class=\"post-meta-items meta-below\"><span class=\"meta-item date\"><span class=\"date-link\"><time class=\"post-date\" datetime=\"2026-06-22T16:20:54+02:00\">2026.06.22.<\/time><\/span><\/span><span class=\"thema21-sidebar-publication-category-row\"><span class=\"meta-item cat-labels thema21-sidebar-publication-category-meta\"><a href=\"https:\/\/thema21.hu\/en\/categories\/publication\/article\/\" class=\"category\">Article<\/a><a href=\"https:\/\/thema21.hu\/en\/categories\/featured\/\" class=\"category\">Featured<\/a><\/span><\/span><\/div><\/div>\t\t\t\n\t\t\t\t\t\t\n\t\t\t\t<div class=\"excerpt\">\n\t\t\t\t\t<p>The study examines the theological interplay between trust and distrust in the context of the Church\u2019s credibility crisis. The study proceeds from the premise that abuses of power in Christian communities, expectations of unconditional loyalty, and institutional distortions of trust call for a reconsideration of the notion of trust. The&#8230;<\/p>\n\t\t\t\t<\/div>\n\t\t\t\n\t\t\t\n\t\t\t\n\t\t<\/div>\n\n\t\n<\/article>\t\t\n\t<\/div>\n\n\t\t\n\t\t\t<\/div>\n\n\t\t<\/section>\n\t\t\t\t\t\t<\/div>\n\t\t\t\t<\/div>\n\t\t\t\t<div class=\"elementor-element elementor-element-d25e101 elementor-widget elementor-widget-spacer\" data-id=\"d25e101\" data-element_type=\"widget\" data-e-type=\"widget\" data-widget_type=\"spacer.default\">\n\t\t\t\t\t\t\t<div class=\"elementor-spacer\">\n\t\t\t<div class=\"elementor-spacer-inner\"><\/div>\n\t\t<\/div>\n\t\t\t\t\t\t<\/div>\n\t\t\t\t\t<\/div>\n\t\t<\/div>\n\t\t\t\t\t<\/div>\n\t\t<\/section>\n\t\t<div class=\"elementor-element elementor-element-34b3168 e-flex e-con-boxed e-con e-parent\" data-id=\"34b3168\" data-element_type=\"container\" data-e-type=\"container\">\n\t\t\t\t\t<div class=\"e-con-inner\">\n\t\t\t\t<div class=\"elementor-element elementor-element-729b58b elementor-widget elementor-widget-smartmag-postslist\" data-id=\"729b58b\" data-element_type=\"widget\" data-e-type=\"widget\" data-widget_type=\"smartmag-postslist.default\">\n\t\t\t\t<div class=\"elementor-widget-container\">\n\t\t\t\t\t\t\t<section class=\"block-wrap block-posts-list block-sc\" data-id=\"2\" data-block=\"{&quot;id&quot;:&quot;posts-list&quot;,&quot;props&quot;:{&quot;cat_labels&quot;:&quot;&quot;,&quot;cat_labels_pos&quot;:&quot;bot-left&quot;,&quot;reviews&quot;:&quot;radial&quot;,&quot;post_formats_pos&quot;:&quot;center&quot;,&quot;load_more_style&quot;:&quot;b&quot;,&quot;meta_cat_style&quot;:&quot;text&quot;,&quot;media_style_shadow&quot;:0,&quot;meta_sponsor&quot;:1,&quot;meta_sponsor_logo&quot;:0,&quot;meta_sponsor_label&quot;:&quot;Sponsor: {sponsor}&quot;,&quot;meta_above&quot;:[],&quot;meta_below&quot;:[&quot;date&quot;],&quot;meta_sponsor_above&quot;:[],&quot;meta_sponsor_below&quot;:[&quot;sponsor&quot;,&quot;date&quot;],&quot;media_ratio&quot;:&quot;&quot;,&quot;media_ratio_custom&quot;:&quot;&quot;,&quot;media_width&quot;:&quot;&quot;,&quot;read_more&quot;:&quot;none&quot;,&quot;columns&quot;:&quot;2&quot;,&quot;container_width&quot;:100,&quot;terms&quot;:[&quot;3&quot;],&quot;offset&quot;:0,&quot;heading&quot;:&quot;Publication&quot;,&quot;pagination&quot;:&quot;1&quot;,&quot;pagination_type&quot;:&quot;load-more&quot;,&quot;excerpt_length&quot;:50,&quot;meta_sponsor_items_default&quot;:true,&quot;query_type&quot;:&quot;custom&quot;,&quot;sort_days&quot;:null,&quot;is_sc_call&quot;:true,&quot;meta_items_default&quot;:true}}\">\n\n\t\t\t\t\t\t\t\t\n\t\t\t\t\t\t\t\n\t\t\t\t<div class=\"block-head block-head-ac block-head-c block-head-c2 is-left\">\n\n\t\t\t\t\t<h4 class=\"heading\">Publication<\/h4>\t\t\t\t\t\n\t\t\t\t\t\t\t\t\t<\/div>\n\t\t\t\t\n\t\t\t\n\t\t\t\n\t\t\t<div class=\"block-content\">\n\t\t\t\t\t\n\t<div class=\"loop loop-list loop-sep loop-list-sep grid grid-2 md:grid-2 sm:grid-1\">\n\n\t\t\t\t\n\t\t\t\n<article class=\"l-post list-post list-post-on-sm m-pos-left\">\n\n\t\n\t\t\t<div class=\"media\">\n\n\t\t\n\t\t\t<a href=\"https:\/\/thema21.hu\/en\/a-wall-is-not-a-building\/\" class=\"image-link media-ratio ratio-3-2\" title=\"A wall is not a building\"><img decoding=\"async\" width=\"293\" height=\"195\" src=\"https:\/\/thema21.hu\/wp-content\/uploads\/2026\/06\/thema21_fejlec_banksy_galeria-300x169.jpg\" class=\"attachment-medium size-medium wp-post-image\" alt=\"\" sizes=\"(max-width: 293px) 100vw, 293px\" title=\"A wall is not a building\" srcset=\"https:\/\/thema21.hu\/wp-content\/uploads\/2026\/06\/thema21_fejlec_banksy_galeria-1024x576.jpg 1024w, https:\/\/thema21.hu\/wp-content\/uploads\/2026\/06\/thema21_fejlec_banksy_galeria-768x432.jpg 768w, https:\/\/thema21.hu\/wp-content\/uploads\/2026\/06\/thema21_fejlec_banksy_galeria-1536x864.jpg 1536w, https:\/\/thema21.hu\/wp-content\/uploads\/2026\/06\/thema21_fejlec_banksy_galeria-450x253.jpg 450w, https:\/\/thema21.hu\/wp-content\/uploads\/2026\/06\/thema21_fejlec_banksy_galeria-1200x675.jpg 1200w, https:\/\/thema21.hu\/wp-content\/uploads\/2026\/06\/thema21_fejlec_banksy_galeria.jpg 1672w\" \/><\/a>\t\t\t\n\t\t\t\n\t\t\t\n\t\t\t\n\t\t\n\t\t<\/div>\n\t\n\n\t\n\t\t<div class=\"content\">\n\n\t\t\t<div class=\"post-meta post-meta-a has-below\"><h2 class=\"is-title post-title\"><a href=\"https:\/\/thema21.hu\/en\/a-wall-is-not-a-building\/\">A wall is not a building<\/a><\/h2><div class=\"post-meta-items meta-below\"><span class=\"meta-item date\"><span class=\"date-link\"><time class=\"post-date\" datetime=\"2026-06-29T10:47:08+02:00\">2026.06.29.<\/time><\/span><\/span><span class=\"thema21-sidebar-publication-category-row\"><span class=\"meta-item cat-labels thema21-sidebar-publication-category-meta\"><a href=\"https:\/\/thema21.hu\/en\/categories\/publication\/essay\/\" class=\"category\">Essay<\/a><a href=\"https:\/\/thema21.hu\/en\/categories\/featured\/\" class=\"category\">Featured<\/a><\/span><\/span><\/div><\/div>\t\t\t\n\t\t\t\t\t\t\n\t\t\t\t<div class=\"excerpt\">\n\t\t\t\t\t<p>We are naturally inclined to divide humanity into two categories: \u201cus\u201d and \u201cthem,\u201d and \u201cthey\u201d\u2014the other group\u2014are perceived as a threat to \u201cus.\u201d For this reason, people build not only physical walls but also invisible barriers by which they seek to protect their identity. Referring to the conflict between Jewish&#8230;<\/p>\n\t\t\t\t<\/div>\n\t\t\t\n\t\t\t\n\t\t\t\n\t\t<\/div>\n\n\t\n<\/article>\n\t\t\t\t\n\t\t\t\n<article class=\"l-post list-post list-post-on-sm m-pos-left\">\n\n\t\n\t\t\t<div class=\"media\">\n\n\t\t\n\t\t\t<a href=\"https:\/\/thema21.hu\/en\/the-theological-possibility-of-legitimate-distrust-anthropological-and-ethical-reflections-on-the-churchs-credibility-crisis\/\" class=\"image-link media-ratio ratio-3-2\" title=\"The Theological Possibility of Legitimate Distrust: Anthropological and Ethical Reflections on the Church&#8217;s Credibility Crisis\"><img loading=\"lazy\" decoding=\"async\" width=\"293\" height=\"195\" src=\"https:\/\/thema21.hu\/wp-content\/uploads\/2026\/06\/hitetlen_tamas_caravaggio_thema21-300x212.jpg\" class=\"attachment-medium size-medium wp-post-image\" alt=\"\" sizes=\"(max-width: 293px) 100vw, 293px\" title=\"The Theological Possibility of Legitimate Distrust: Anthropological and Ethical Reflections on the Church&#8217;s Credibility Crisis\" srcset=\"https:\/\/thema21.hu\/wp-content\/uploads\/2026\/06\/hitetlen_tamas_caravaggio_thema21-300x212.jpg 300w, https:\/\/thema21.hu\/wp-content\/uploads\/2026\/06\/hitetlen_tamas_caravaggio_thema21-1024x725.jpg 1024w, https:\/\/thema21.hu\/wp-content\/uploads\/2026\/06\/hitetlen_tamas_caravaggio_thema21-768x543.jpg 768w, https:\/\/thema21.hu\/wp-content\/uploads\/2026\/06\/hitetlen_tamas_caravaggio_thema21-150x106.jpg 150w, https:\/\/thema21.hu\/wp-content\/uploads\/2026\/06\/hitetlen_tamas_caravaggio_thema21-450x318.jpg 450w, https:\/\/thema21.hu\/wp-content\/uploads\/2026\/06\/hitetlen_tamas_caravaggio_thema21-1200x849.jpg 1200w, https:\/\/thema21.hu\/wp-content\/uploads\/2026\/06\/hitetlen_tamas_caravaggio_thema21.jpg 1491w\" \/><\/a>\t\t\t\n\t\t\t\n\t\t\t\n\t\t\t\n\t\t\n\t\t<\/div>\n\t\n\n\t\n\t\t<div class=\"content\">\n\n\t\t\t<div class=\"post-meta post-meta-a has-below\"><h2 class=\"is-title post-title\"><a href=\"https:\/\/thema21.hu\/en\/the-theological-possibility-of-legitimate-distrust-anthropological-and-ethical-reflections-on-the-churchs-credibility-crisis\/\">The Theological Possibility of Legitimate Distrust: Anthropological and Ethical Reflections on the Church&#8217;s Credibility Crisis<\/a><\/h2><div class=\"post-meta-items meta-below\"><span class=\"meta-item date\"><span class=\"date-link\"><time class=\"post-date\" datetime=\"2026-06-22T16:20:54+02:00\">2026.06.22.<\/time><\/span><\/span><span class=\"thema21-sidebar-publication-category-row\"><span class=\"meta-item cat-labels thema21-sidebar-publication-category-meta\"><a href=\"https:\/\/thema21.hu\/en\/categories\/publication\/article\/\" class=\"category\">Article<\/a><a href=\"https:\/\/thema21.hu\/en\/categories\/featured\/\" class=\"category\">Featured<\/a><\/span><\/span><\/div><\/div>\t\t\t\n\t\t\t\t\t\t\n\t\t\t\t<div class=\"excerpt\">\n\t\t\t\t\t<p>The study examines the theological interplay between trust and distrust in the context of the Church\u2019s credibility crisis. The study proceeds from the premise that abuses of power in Christian communities, expectations of unconditional loyalty, and institutional distortions of trust call for a reconsideration of the notion of trust. The&#8230;<\/p>\n\t\t\t\t<\/div>\n\t\t\t\n\t\t\t\n\t\t\t\n\t\t<\/div>\n\n\t\n<\/article>\n\t\t\t\t\n\t\t\t\n<article class=\"l-post list-post list-post-on-sm m-pos-left\">\n\n\t\n\t\t\t<div class=\"media\">\n\n\t\t\n\t\t\t<a href=\"https:\/\/thema21.hu\/en\/a-self-devouring-system-a-theological-critique-of-capitalism\/\" class=\"image-link media-ratio ratio-3-2\" title=\"A Self-Devouring System: A Theological Critique of Capitalism\"><img loading=\"lazy\" decoding=\"async\" width=\"293\" height=\"195\" src=\"https:\/\/thema21.hu\/wp-content\/uploads\/2026\/06\/szaturnusz_thema21-300x212.jpg\" class=\"attachment-medium size-medium wp-post-image\" alt=\"\" sizes=\"(max-width: 293px) 100vw, 293px\" title=\"A Self-Devouring System: A Theological Critique of Capitalism\" srcset=\"https:\/\/thema21.hu\/wp-content\/uploads\/2026\/06\/szaturnusz_thema21-300x212.jpg 300w, https:\/\/thema21.hu\/wp-content\/uploads\/2026\/06\/szaturnusz_thema21-1024x725.jpg 1024w, https:\/\/thema21.hu\/wp-content\/uploads\/2026\/06\/szaturnusz_thema21-768x543.jpg 768w, https:\/\/thema21.hu\/wp-content\/uploads\/2026\/06\/szaturnusz_thema21-150x106.jpg 150w, https:\/\/thema21.hu\/wp-content\/uploads\/2026\/06\/szaturnusz_thema21-450x318.jpg 450w, https:\/\/thema21.hu\/wp-content\/uploads\/2026\/06\/szaturnusz_thema21-1200x849.jpg 1200w, https:\/\/thema21.hu\/wp-content\/uploads\/2026\/06\/szaturnusz_thema21.jpg 1491w\" \/><\/a>\t\t\t\n\t\t\t\n\t\t\t\n\t\t\t\n\t\t\n\t\t<\/div>\n\t\n\n\t\n\t\t<div class=\"content\">\n\n\t\t\t<div class=\"post-meta post-meta-a has-below\"><h2 class=\"is-title post-title\"><a href=\"https:\/\/thema21.hu\/en\/a-self-devouring-system-a-theological-critique-of-capitalism\/\">A Self-Devouring System: A Theological Critique of Capitalism<\/a><\/h2><div class=\"post-meta-items meta-below\"><span class=\"meta-item date\"><span class=\"date-link\"><time class=\"post-date\" datetime=\"2026-06-15T10:06:37+02:00\">2026.06.15.<\/time><\/span><\/span><span class=\"thema21-sidebar-publication-category-row\"><span class=\"meta-item cat-labels thema21-sidebar-publication-category-meta\"><a href=\"https:\/\/thema21.hu\/en\/categories\/publication\/essay\/\" class=\"category\">Essay<\/a><\/span><\/span><\/div><\/div>\t\t\t\n\t\t\t\t\t\t\n\t\t\t\t<div class=\"excerpt\">\n\t\t\t\t\t<p>According to Max Weber\u2019s famous thesis, Protestant ethics was one of the key driving forces behind the emergence of modern capitalism. Does this mean, however, that the capitalist economic and social order can be theologically justified? The author argues that it cannot; indeed, capitalism may rather be understood as a&#8230;<\/p>\n\t\t\t\t<\/div>\n\t\t\t\n\t\t\t\n\t\t\t\n\t\t<\/div>\n\n\t\n<\/article>\n\t\t\t\t\n\t\t\t\n<article class=\"l-post list-post list-post-on-sm m-pos-left\">\n\n\t\n\t\t\t<div class=\"media\">\n\n\t\t\n\t\t\t<a href=\"https:\/\/thema21.hu\/en\/the-freedom-of-poverty\/\" class=\"image-link media-ratio ratio-3-2\" title=\"The Freedom of Poverty\"><img loading=\"lazy\" decoding=\"async\" width=\"293\" height=\"195\" src=\"https:\/\/thema21.hu\/wp-content\/uploads\/2026\/06\/mate_elhivasa_thema21-300x212.jpg\" class=\"attachment-medium size-medium wp-post-image\" alt=\"\" sizes=\"(max-width: 293px) 100vw, 293px\" title=\"The Freedom of Poverty\" srcset=\"https:\/\/thema21.hu\/wp-content\/uploads\/2026\/06\/mate_elhivasa_thema21-300x212.jpg 300w, https:\/\/thema21.hu\/wp-content\/uploads\/2026\/06\/mate_elhivasa_thema21-1024x725.jpg 1024w, https:\/\/thema21.hu\/wp-content\/uploads\/2026\/06\/mate_elhivasa_thema21-768x543.jpg 768w, https:\/\/thema21.hu\/wp-content\/uploads\/2026\/06\/mate_elhivasa_thema21-150x106.jpg 150w, https:\/\/thema21.hu\/wp-content\/uploads\/2026\/06\/mate_elhivasa_thema21-450x318.jpg 450w, https:\/\/thema21.hu\/wp-content\/uploads\/2026\/06\/mate_elhivasa_thema21-1200x849.jpg 1200w, https:\/\/thema21.hu\/wp-content\/uploads\/2026\/06\/mate_elhivasa_thema21.jpg 1491w\" \/><\/a>\t\t\t\n\t\t\t\n\t\t\t\n\t\t\t\n\t\t\n\t\t<\/div>\n\t\n\n\t\n\t\t<div class=\"content\">\n\n\t\t\t<div class=\"post-meta post-meta-a has-below\"><h2 class=\"is-title post-title\"><a href=\"https:\/\/thema21.hu\/en\/the-freedom-of-poverty\/\">The Freedom of Poverty<\/a><\/h2><div class=\"post-meta-items meta-below\"><span class=\"meta-item date\"><span class=\"date-link\"><time class=\"post-date\" datetime=\"2026-06-07T22:57:36+02:00\">2026.06.07.<\/time><\/span><\/span><span class=\"thema21-sidebar-publication-category-row\"><span class=\"meta-item cat-labels thema21-sidebar-publication-category-meta\"><a href=\"https:\/\/thema21.hu\/en\/categories\/publication\/article\/\" class=\"category\">Article<\/a><\/span><\/span><\/div><\/div>\t\t\t\n\t\t\t\t\t\t\n\t\t\t\t<div class=\"excerpt\">\n\t\t\t\t\t<p>Throughout church history, moments of crisis repeatedly uncover deeper dimensions of Christianity that remain hidden in times of stability. This essay traces this pattern in the Hungarian Reformation and its later developments, showing how upheaval, material vulnerability, and changing relations to political power shaped the Church\u2019s life. In the decades&#8230;<\/p>\n\t\t\t\t<\/div>\n\t\t\t\n\t\t\t\n\t\t\t\n\t\t<\/div>\n\n\t\n<\/article>\n\t\t\n\t<\/div>\n\n\t\n\n\t\n\t\t\n\t<div class=\"main-pagination pagination-more\" data-type=\"load-more\">\n\t\t<a href=\"https:\/\/thema21.hu\/en\/wp-json\/wp\/v2\/pages\/548\/page\/2\/\" class=\"ts-button load-button load-button-b ts-button-b\" data-page=\"1\">\n\t\t\t\tLoad More \n\t\t\t\t<i class=\"icon tsi tsi-repeat\"><\/i>\n\t\t<\/a>\n\t<\/div>\t\n\t\n\t\n\n\t\t\t\t<\/div>\n\n\t\t<\/section>\n\t\t\t\t\t\t<\/div>\n\t\t\t\t<\/div>\n\t\t\t\t\t<\/div>\n\t\t\t\t<\/div>\n\t\t<div class=\"elementor-element elementor-element-2e09391 e-flex e-con-boxed e-con e-parent\" data-id=\"2e09391\" data-element_type=\"container\" data-e-type=\"container\">\n\t\t\t\t\t<div class=\"e-con-inner\">\n\t\t\t\t<div class=\"elementor-element elementor-element-abc1f5d elementor-widget elementor-widget-smartmag-postslist\" data-id=\"abc1f5d\" data-element_type=\"widget\" data-e-type=\"widget\" data-widget_type=\"smartmag-postslist.default\">\n\t\t\t\t<div class=\"elementor-widget-container\">\n\t\t\t\t\t\t\t<section class=\"block-wrap block-posts-list block-sc\" data-id=\"3\" data-block=\"{&quot;id&quot;:&quot;posts-list&quot;,&quot;props&quot;:{&quot;cat_labels&quot;:&quot;&quot;,&quot;cat_labels_pos&quot;:&quot;bot-left&quot;,&quot;reviews&quot;:&quot;radial&quot;,&quot;post_formats_pos&quot;:&quot;center&quot;,&quot;load_more_style&quot;:&quot;b&quot;,&quot;meta_cat_style&quot;:&quot;text&quot;,&quot;media_style_shadow&quot;:0,&quot;meta_sponsor&quot;:1,&quot;meta_sponsor_logo&quot;:0,&quot;meta_sponsor_label&quot;:&quot;Sponsor: {sponsor}&quot;,&quot;meta_above&quot;:[],&quot;meta_below&quot;:[&quot;date&quot;],&quot;meta_sponsor_above&quot;:[],&quot;meta_sponsor_below&quot;:[&quot;sponsor&quot;,&quot;date&quot;],&quot;media_ratio&quot;:&quot;&quot;,&quot;media_ratio_custom&quot;:&quot;&quot;,&quot;media_width&quot;:&quot;&quot;,&quot;read_more&quot;:&quot;none&quot;,&quot;columns&quot;:&quot;2&quot;,&quot;container_width&quot;:100,&quot;terms&quot;:[&quot;24&quot;],&quot;offset&quot;:0,&quot;heading&quot;:&quot;News&quot;,&quot;pagination&quot;:&quot;1&quot;,&quot;pagination_type&quot;:&quot;load-more&quot;,&quot;excerpt_length&quot;:50,&quot;posts&quot;:2,&quot;meta_sponsor_items_default&quot;:true,&quot;query_type&quot;:&quot;custom&quot;,&quot;sort_days&quot;:null,&quot;is_sc_call&quot;:true,&quot;meta_items_default&quot;:true}}\">\n\n\t\t\t\t\t\t\t\t\n\t\t\t\t\t\t\t\n\t\t\t\t<div class=\"block-head block-head-ac block-head-c block-head-c2 is-left\">\n\n\t\t\t\t\t<h4 class=\"heading\">News<\/h4>\t\t\t\t\t\n\t\t\t\t\t\t\t\t\t<\/div>\n\t\t\t\t\n\t\t\t\n\t\t\t\n\t\t\t<div class=\"block-content\">\n\t\t\t\t\t\n\t<div class=\"loop loop-list loop-sep loop-list-sep grid grid-2 md:grid-2 sm:grid-1\">\n\n\t\t\t\t\n\t\t\t\n<article class=\"l-post list-post list-post-on-sm m-pos-left\">\n\n\t\n\t\t\t<div class=\"media\">\n\n\t\t\n\t\t\t<a href=\"https:\/\/thema21.hu\/en\/spun-back-into-the-world\/\" class=\"image-link media-ratio ratio-3-2\" title=\"Spun Back into the World\"><img loading=\"lazy\" decoding=\"async\" width=\"293\" height=\"195\" src=\"https:\/\/thema21.hu\/wp-content\/uploads\/2026\/05\/aa5ef39c-765a-4741-b155-8e3f73f0cb25-300x169.png\" class=\"attachment-medium size-medium wp-post-image\" alt=\"\" sizes=\"(max-width: 293px) 100vw, 293px\" title=\"Spun Back into the World\" srcset=\"https:\/\/thema21.hu\/wp-content\/uploads\/2026\/05\/aa5ef39c-765a-4741-b155-8e3f73f0cb25-1024x576.png 1024w, https:\/\/thema21.hu\/wp-content\/uploads\/2026\/05\/aa5ef39c-765a-4741-b155-8e3f73f0cb25-768x432.png 768w, https:\/\/thema21.hu\/wp-content\/uploads\/2026\/05\/aa5ef39c-765a-4741-b155-8e3f73f0cb25-1536x864.png 1536w, https:\/\/thema21.hu\/wp-content\/uploads\/2026\/05\/aa5ef39c-765a-4741-b155-8e3f73f0cb25-450x253.png 450w, https:\/\/thema21.hu\/wp-content\/uploads\/2026\/05\/aa5ef39c-765a-4741-b155-8e3f73f0cb25-1200x675.png 1200w, https:\/\/thema21.hu\/wp-content\/uploads\/2026\/05\/aa5ef39c-765a-4741-b155-8e3f73f0cb25.png 1672w\" \/><\/a>\t\t\t\n\t\t\t\n\t\t\t\n\t\t\t\n\t\t\n\t\t<\/div>\n\t\n\n\t\n\t\t<div class=\"content\">\n\n\t\t\t<div class=\"post-meta post-meta-a has-below\"><h2 class=\"is-title post-title\"><a href=\"https:\/\/thema21.hu\/en\/spun-back-into-the-world\/\">Spun Back into the World<\/a><\/h2><div class=\"post-meta-items meta-below\"><span class=\"meta-item date\"><span class=\"date-link\"><time class=\"post-date\" datetime=\"2026-05-18T12:17:00+02:00\">2026.05.18.<\/time><\/span><\/span><span class=\"thema21-sidebar-publication-category-row\"><span class=\"meta-item cat-labels thema21-sidebar-publication-category-meta\"><a href=\"https:\/\/thema21.hu\/en\/categories\/news\/our-mission\/\" class=\"category\">Our mission<\/a><\/span><\/span><\/div><\/div>\t\t\t\n\t\t\t\t\t\t\n\t\t\t\t<div class=\"excerpt\">\n\t\t\t\t\t<p>Should be brought back to life? This question first arose in me four years ago at a conference, when it became clear to me that educated Protestant intellectuals who take their faith seriously \u2014 and who often do outstanding work in their own fields \u2014 speak about theological questions less&hellip;<\/p>\n\t\t\t\t<\/div>\n\t\t\t\n\t\t\t\n\t\t\t\n\t\t<\/div>\n\n\t\n<\/article>\n\t\t\t\t\n\t\t\t\n<article class=\"l-post list-post list-post-on-sm m-pos-left\">\n\n\t\n\t\t\t<div class=\"media\">\n\n\t\t\n\t\t\t<a href=\"https:\/\/thema21.hu\/en\/thema-and-thema21\/\" class=\"image-link media-ratio ratio-3-2\" title=\"TH\u00c9MA and th\u00e9ma21\"><img loading=\"lazy\" decoding=\"async\" width=\"293\" height=\"195\" src=\"https:\/\/thema21.hu\/wp-content\/uploads\/2026\/05\/ee5e1823-db05-4927-940f-10a691320551-e1779047263441-300x169.png\" class=\"attachment-medium size-medium wp-post-image\" alt=\"\" sizes=\"(max-width: 293px) 100vw, 293px\" title=\"TH\u00c9MA and th\u00e9ma21\" srcset=\"https:\/\/thema21.hu\/wp-content\/uploads\/2026\/05\/ee5e1823-db05-4927-940f-10a691320551-e1779047263441-1024x576.png 1024w, https:\/\/thema21.hu\/wp-content\/uploads\/2026\/05\/ee5e1823-db05-4927-940f-10a691320551-e1779047263441-768x432.png 768w, https:\/\/thema21.hu\/wp-content\/uploads\/2026\/05\/ee5e1823-db05-4927-940f-10a691320551-e1779047263441-1536x864.png 1536w, https:\/\/thema21.hu\/wp-content\/uploads\/2026\/05\/ee5e1823-db05-4927-940f-10a691320551-e1779047263441-450x253.png 450w, https:\/\/thema21.hu\/wp-content\/uploads\/2026\/05\/ee5e1823-db05-4927-940f-10a691320551-e1779047263441-1200x675.png 1200w, https:\/\/thema21.hu\/wp-content\/uploads\/2026\/05\/ee5e1823-db05-4927-940f-10a691320551-e1779047263441.png 1672w\" \/><\/a>\t\t\t\n\t\t\t\n\t\t\t\n\t\t\t\n\t\t\n\t\t<\/div>\n\t\n\n\t\n\t\t<div class=\"content\">\n\n\t\t\t<div class=\"post-meta post-meta-a has-below\"><h2 class=\"is-title post-title\"><a href=\"https:\/\/thema21.hu\/en\/thema-and-thema21\/\">TH\u00c9MA and th\u00e9ma21<\/a><\/h2><div class=\"post-meta-items meta-below\"><span class=\"meta-item date\"><span class=\"date-link\"><time class=\"post-date\" datetime=\"2026-05-18T12:13:00+02:00\">2026.05.18.<\/time><\/span><\/span><span class=\"thema21-sidebar-publication-category-row\"><span class=\"meta-item cat-labels thema21-sidebar-publication-category-meta\"><a href=\"https:\/\/thema21.hu\/en\/categories\/news\/our-mission\/\" class=\"category\">Our mission<\/a><\/span><\/span><\/div><\/div>\t\t\t\n\t\t\t\t\t\t\n\t\t\t\t<div class=\"excerpt\">\n\t\t\t\t\t<p>As the Heidelberg Catechism states in its 54th question and answer, the Holy Church is eternal: \u201efrom the beginning to the end of the world,\u201d the Son of God gathers His people into His communion. At the same time, the problems associated with the human aspect of the Holy Church&hellip;<\/p>\n\t\t\t\t<\/div>\n\t\t\t\n\t\t\t\n\t\t\t\n\t\t<\/div>\n\n\t\n<\/article>\n\t\t\n\t<\/div>\n\n\t\n\n\t\n\t\n\n\t\t\t\t<\/div>\n\n\t\t<\/section>\n\t\t\t\t\t\t<\/div>\n\t\t\t\t<\/div>\n\t\t\t\t\t<\/div>\n\t\t\t\t<\/div>\n\t\t<div class=\"elementor-element elementor-element-fb37f07 e-flex e-con-boxed e-con e-parent\" data-id=\"fb37f07\" data-element_type=\"container\" data-e-type=\"container\">\n\t\t\t\t\t<div class=\"e-con-inner\">\n\t\t\t\t<div class=\"elementor-element elementor-element-437a75c elementor-widget elementor-widget-smartmag-postslist\" data-id=\"437a75c\" data-element_type=\"widget\" data-e-type=\"widget\" data-widget_type=\"smartmag-postslist.default\">\n\t\t\t\t<div class=\"elementor-widget-container\">\n\t\t\t\t\t\t\t<section class=\"block-wrap block-posts-list block-sc\" data-id=\"4\" data-block=\"{&quot;id&quot;:&quot;posts-list&quot;,&quot;props&quot;:{&quot;cat_labels&quot;:&quot;&quot;,&quot;cat_labels_pos&quot;:&quot;bot-left&quot;,&quot;reviews&quot;:&quot;radial&quot;,&quot;post_formats_pos&quot;:&quot;center&quot;,&quot;load_more_style&quot;:&quot;b&quot;,&quot;meta_cat_style&quot;:&quot;text&quot;,&quot;media_style_shadow&quot;:0,&quot;meta_sponsor&quot;:1,&quot;meta_sponsor_logo&quot;:0,&quot;meta_sponsor_label&quot;:&quot;Sponsor: {sponsor}&quot;,&quot;meta_above&quot;:[],&quot;meta_below&quot;:[&quot;date&quot;],&quot;meta_sponsor_above&quot;:[],&quot;meta_sponsor_below&quot;:[&quot;sponsor&quot;,&quot;date&quot;],&quot;media_ratio&quot;:&quot;&quot;,&quot;media_ratio_custom&quot;:&quot;&quot;,&quot;media_width&quot;:&quot;&quot;,&quot;read_more&quot;:&quot;none&quot;,&quot;columns&quot;:&quot;2&quot;,&quot;container_width&quot;:100,&quot;terms&quot;:[&quot;22&quot;],&quot;offset&quot;:0,&quot;heading&quot;:&quot;Interview&quot;,&quot;pagination&quot;:&quot;1&quot;,&quot;pagination_type&quot;:&quot;load-more&quot;,&quot;excerpt_length&quot;:50,&quot;posts&quot;:2,&quot;meta_sponsor_items_default&quot;:true,&quot;query_type&quot;:&quot;custom&quot;,&quot;sort_days&quot;:null,&quot;is_sc_call&quot;:true,&quot;meta_items_default&quot;:true}}\">\n\n\t\t\t\t\t\t\t\t\n\t\t\t\t\t\t\t\n\t\t\t\t<div class=\"block-head block-head-ac block-head-c block-head-c2 is-left\">\n\n\t\t\t\t\t<h4 class=\"heading\">Interview<\/h4>\t\t\t\t\t\n\t\t\t\t\t\t\t\t\t<\/div>\n\t\t\t\t\n\t\t\t\n\t\t\t\n\t\t\t<div class=\"block-content\">\n\t\t\t\t\t\n\t<div class=\"loop loop-list loop-sep loop-list-sep grid grid-2 md:grid-2 sm:grid-1\">\n\n\t\t\n\t<\/div>\n\n\t\n\n\t\n\t\n\n\t\t\t\t<\/div>\n\n\t\t<\/section>\n\t\t\t\t\t\t<\/div>\n\t\t\t\t<\/div>\n\t\t\t\t\t<\/div>\n\t\t\t\t<\/div>\n\t\t\t\t<section class=\"has-el-gap el-gap-default elementor-section elementor-top-section elementor-element elementor-element-63ae37a is-full-xs elementor-section-boxed elementor-section-height-default elementor-section-height-default\" data-id=\"63ae37a\" data-element_type=\"section\" data-e-type=\"section\">\n\t\t\t\t\t\t<div class=\"elementor-container elementor-column-gap-no\">\n\t\t\t\t\t<div class=\"elementor-column elementor-col-100 elementor-top-column elementor-element elementor-element-33364a9\" data-id=\"33364a9\" data-element_type=\"column\" data-e-type=\"column\">\n\t\t\t<div class=\"elementor-widget-wrap elementor-element-populated\">\n\t\t\t\t<div class=\"elementor-element elementor-element-bd3c4ab ts-el-con e-flex e-con-boxed e-con e-parent\" data-id=\"bd3c4ab\" data-element_type=\"container\" data-e-type=\"container\" data-settings=\"{&quot;background_background&quot;:&quot;classic&quot;,&quot;background_sd_background&quot;:&quot;classic&quot;}\">\n\t\t\t\t\t<div class=\"e-con-inner\">\n\t\t\t\t\t\t\t<h2 \n\t\tdata-interaction-id=\"52d8923\" \n\t\tclass=\"e-52d8923-2e54f4c e-heading-base\" \n\t\t \n\t\t\n\t>\n\t\n\t\t\tNewsletter\n\t\t<\/h2>\n\t\t\t\t\t\t\t\t<p class=\"e-44ebe3e-b6ce98d e-paragraph-base\" data-interaction-id=\"44ebe3e\"  >\n\t\t\t\t\t\t\t\tSubscribe to stay informed about our latest articles.\n\t\t\t\t\t<\/p>\n\t\t\t\t<div class=\"elementor-element elementor-element-1e50c64 elementor-widget elementor-widget-html\" data-id=\"1e50c64\" data-element_type=\"widget\" data-e-type=\"widget\" data-widget_type=\"html.default\">\n\t\t\t\t\t<div class=\"thema21-newsletter-form\">\r\n  <div class='fluentform ff-default fluentform_wrapper_3 ffs_default_wrap'><form data-form_id=\"3\" id=\"fluentform_3\" class=\"frm-fluent-form fluent_form_3 ff-el-form-top ff_form_instance_3_1 ff-form-loading ffs_default\" data-form_instance=\"ff_form_instance_3_1\" method=\"POST\" ><fieldset  style=\"border: none!important;margin: 0!important;padding: 0!important;background-color: transparent!important;box-shadow: none!important;outline: none!important; min-inline-size: 100%;\">\n                    <legend class=\"ff_screen_reader_title\" style=\"display: block; margin: 0!important;padding: 0!important;height: 0!important;text-indent: -999999px;width: 0!important;overflow:hidden;\">H\u00edrlev\u00e9l<\/legend><input type='hidden' name='__fluent_form_embded_post_id' value='826' \/><input type=\"hidden\" id=\"_fluentform_3_fluentformnonce\" name=\"_fluentform_3_fluentformnonce\" value=\"dbd02cb4d2\" \/><input type=\"hidden\" name=\"_wp_http_referer\" value=\"\/en\/wp-json\/wp\/v2\/pages\/548\" \/><input type=\"hidden\" name=\"language\" value=\"hu\" data-name=\"language\" ><div data-type=\"name-element\" data-name=\"names\" class=\" ff-field_container ff-name-field-wrapper\" ><div class='ff-t-container'><div class='ff-t-cell '><div class='ff-el-group ff-el-form-top  ff-el-form-hide_label'><div class=\"ff-el-input--label ff-el-is-required asterisk-right\"><label for='ff_3_names_first_name_' id='label_ff_3_names_first_name_' >First Name<\/label><\/div><div class='ff-el-input--content'><input type=\"text\" name=\"names[first_name]\" id=\"ff_3_names_first_name_\" class=\"ff-el-form-control\" placeholder=\"First Name\" aria-invalid=\"false\" aria-required=true><\/div><\/div><\/div><\/div><\/div><div class='ff-el-group ff-el-form-hide_label'><div class=\"ff-el-input--label ff-el-is-required asterisk-right\"><label for='ff_3_email' id='label_ff_3_email' aria-label=\"Email\">Email<\/label><\/div><div class='ff-el-input--content'><input type=\"email\" name=\"email\" id=\"ff_3_email\" class=\"ff-el-form-control\" placeholder=\"Email Address\" data-name=\"email\"  aria-invalid=\"false\" aria-required=true><\/div><\/div><div class='ff-el-group    ff-el-input--content'><div class='ff-el-form-check ff-el-tc'><label aria-label='Terms and Conditions: I accept the Privacy Policy and consent to th\u00e9ma21 processing my first name and email address for the purpose of sending newsletters and notifications. Contains 1 link. Use tab navigation to review.' class='ff-el-form-check-label ff_tc_label' for=gdpr-agreement_76d868d200b7458dccf31a5044a4eb16><span class='ff_tc_checkbox'><input type=\"checkbox\" name=\"gdpr-agreement\" class=\"ff-el-form-check-input ff_gdpr_field\" data-name=\"gdpr-agreement\" id=\"gdpr-agreement_76d868d200b7458dccf31a5044a4eb16\"  value='on' aria-invalid='false' aria-required=true><\/span> <div class='ff_t_c'>I accept the <a href=\"https:\/\/thema21.hu\/en\/privacy-policy\/\" rel=\"noopener\" class=\"thema21-privacy-link\" target=\"_blank\">Privacy Policy<\/a> and consent to th\u00e9ma21 processing my first name and email address for the purpose of sending newsletters and notifications.<\/div><\/label><\/div><\/div><div class='ff-el-group ff-text-left ff_submit_btn_wrapper'><button type=\"submit\" class=\"ff-btn ff-btn-submit ff-btn-md ts-button ts-button-alt ff_btn_style\"  aria-label=\"Subscribe\">Subscribe<\/button><\/div><\/fieldset><\/form><div id='fluentform_3_errors' class='ff-errors-in-stack ff_form_instance_3_1 ff-form-loading_errors ff_form_instance_3_1_errors'><\/div><\/div>            <script type=\"text\/javascript\">\n                window.fluent_form_ff_form_instance_3_1 = {\"id\":\"3\",\"ajaxUrl\":\"https:\\\/\\\/thema21.hu\\\/wp-admin\\\/admin-ajax.php\",\"settings\":{\"layout\":{\"labelPlacement\":\"top\",\"asteriskPlacement\":\"asterisk-right\",\"helpMessagePlacement\":\"with_label\",\"errorMessagePlacement\":\"inline\",\"cssClassName\":\"\"},\"restrictions\":{\"denyEmptySubmission\":{\"enabled\":false}}},\"form_instance\":\"ff_form_instance_3_1\",\"form_id_selector\":\"fluentform_3\",\"rules\":{\"names[first_name]\":{\"required\":{\"value\":true,\"message\":\"This field is required\",\"global_message\":\"Ez egy k\\u00f6telez\\u0151 mez\\u0151\",\"global\":true}},\"names[middle_name]\":{\"required\":{\"value\":false,\"message\":\"This field is required\",\"global_message\":\"Ez egy k\\u00f6telez\\u0151 mez\\u0151\",\"global\":true}},\"names[last_name]\":{\"required\":{\"value\":false,\"message\":\"This field is required\",\"global_message\":\"Ez egy k\\u00f6telez\\u0151 mez\\u0151\",\"global\":true}},\"email\":{\"required\":{\"value\":true,\"message\":\"This field is required\",\"global_message\":\"Ez egy k\\u00f6telez\\u0151 mez\\u0151\",\"global\":true},\"email\":{\"value\":true,\"message\":\"This field must contain a valid email\",\"global_message\":\"A mez\\u0151nek \\u00e9rv\\u00e9nyes emailc\\u00edmet kell tartalmaznia\",\"global\":true}},\"gdpr-agreement\":{\"required\":{\"value\":true,\"message\":\"Please accept the <a href=\\\"https:\\\/\\\/thema21.hu\\\/en\\\/privacy-policy\\\/\\\" rel=\\\"noopener\\\" target=\\\"_blank\\\" style=\\\"color:#F56C6C\\\">Privacy Policy<\\\/a>.\",\"global_message\":\"Ez egy k\\u00f6telez\\u0151 mez\\u0151\",\"global\":false}}},\"debounce_time\":300};\n                            <\/script>\n            \r\n<\/div>\t\t\t\t<\/div>\n\t\t\t\t\t<\/div>\n\t\t\t\t<\/div>\n\t\t\t\t\t<\/div>\n\t\t<\/div>\n\t\t\t\t\t<\/div>\n\t\t<\/section>\n\t\t\t\t<\/div>\n\t\t","protected":false},"excerpt":{"rendered":"<p>Az identit\u00e1spolitik\u00e1n t\u00fal\u2026 2026.05.25. Identit\u00e1s! Reform\u00e1tus identit\u00e1s! \u2012 gyakran hangzott el a fogalom\u00f6sszekapcsol\u00e1s az elm\u00falt \u00e9vek sor\u00e1n egyh\u00e1zvezet\u0151i megnyilv\u00e1nul\u00e1sokban vagy egy\u00e9ni megsz\u00f3lal\u00e1sokban. Legf\u0151k\u00e9ppen ott, ahol a c\u00e9l a reform\u00e1tus kereszty\u00e9n arculat saj\u00e1toss\u00e1gainak felmutat\u00e1sa, a k\u00f6z\u00f6ss\u00e9g \u00f6nk\u00e9p\u00e9nek m\u00e1s felekezeti vagy vall\u00e1si csoportokt\u00f3l elhat\u00e1rol\u00f3d\u00f3 m\u00f3don val\u00f3 jelz\u00e9se vagy a nemzet egys\u00e9g\u00e9hez val\u00f3 tartoz\u00e1s k\u00e9pzet\u00e9nek hangs\u00falyoz\u00e1sa volt.&hellip; Vall\u00e1sos-e<\/p>\n","protected":false},"author":1,"featured_media":0,"parent":0,"menu_order":0,"comment_status":"closed","ping_status":"closed","template":"page-templates\/no-wrapper.php","meta":{"_acf_changed":false,"footnotes":""},"class_list":["post-548","page","type-page","status-publish"],"acf":[],"_links":{"self":[{"href":"https:\/\/thema21.hu\/en\/wp-json\/wp\/v2\/pages\/548","targetHints":{"allow":["GET"]}}],"collection":[{"href":"https:\/\/thema21.hu\/en\/wp-json\/wp\/v2\/pages"}],"about":[{"href":"https:\/\/thema21.hu\/en\/wp-json\/wp\/v2\/types\/page"}],"author":[{"embeddable":true,"href":"https:\/\/thema21.hu\/en\/wp-json\/wp\/v2\/users\/1"}],"replies":[{"embeddable":true,"href":"https:\/\/thema21.hu\/en\/wp-json\/wp\/v2\/comments?post=548"}],"version-history":[{"count":21,"href":"https:\/\/thema21.hu\/en\/wp-json\/wp\/v2\/pages\/548\/revisions"}],"predecessor-version":[{"id":938,"href":"https:\/\/thema21.hu\/en\/wp-json\/wp\/v2\/pages\/548\/revisions\/938"}],"wp:attachment":[{"href":"https:\/\/thema21.hu\/en\/wp-json\/wp\/v2\/media?parent=548"}],"curies":[{"name":"wp","href":"https:\/\/api.w.org\/{rel}","templated":true}]}}